{"version":"1.0","provider_name":"Edith Maryon Foundation","provider_url":"https:\/\/maryon.ch\/en\/","author_name":"Lorenz Peter","author_url":"https:\/\/maryon.ch\/en\/author\/lorenz\/","title":"H\u00f6here Fachschule f\u00fcr anthroposophische Heilp\u00e4dagogik &#8211; Edith Maryon Foundation","type":"rich","width":600,"height":338,"html":"<blockquote class=\"wp-embedded-content\" data-secret=\"QLmBAufsdY\"><a href=\"https:\/\/maryon.ch\/en\/liegenschaft\/hoehere-fachschule-fuer-anthroposophische-heilpaedagogik\/\">H\u00f6here Fachschule f\u00fcr anthroposophische Heilp\u00e4dagogik<\/a><\/blockquote><iframe sandbox=\"allow-scripts\" security=\"restricted\" src=\"https:\/\/maryon.ch\/en\/liegenschaft\/hoehere-fachschule-fuer-anthroposophische-heilpaedagogik\/embed\/#?secret=QLmBAufsdY\" width=\"600\" height=\"338\" title=\"&#8220;H\u00f6here Fachschule f\u00fcr anthroposophische Heilp\u00e4dagogik&#8221; &#8212; Edith Maryon Foundation\" data-secret=\"QLmBAufsdY\" frameborder=\"0\" marginwidth=\"0\" marginheight=\"0\" scrolling=\"no\" class=\"wp-embedded-content\"><\/iframe><script type=\"text\/javascript\">\n\/* <![CDATA[ *\/\n\/*! This file is auto-generated *\/\n!function(d,l){\"use strict\";l.querySelector&&d.addEventListener&&\"undefined\"!=typeof URL&&(d.wp=d.wp||{},d.wp.receiveEmbedMessage||(d.wp.receiveEmbedMessage=function(e){var t=e.data;if((t||t.secret||t.message||t.value)&&!\/[^a-zA-Z0-9]\/.test(t.secret)){for(var s,r,n,a=l.querySelectorAll('iframe[data-secret=\"'+t.secret+'\"]'),o=l.querySelectorAll('blockquote[data-secret=\"'+t.secret+'\"]'),c=new RegExp(\"^https?:$\",\"i\"),i=0;i<o.length;i++)o[i].style.display=\"none\";for(i=0;i<a.length;i++)s=a[i],e.source===s.contentWindow&&(s.removeAttribute(\"style\"),\"height\"===t.message?(1e3<(r=parseInt(t.value,10))?r=1e3:~~r<200&&(r=200),s.height=r):\"link\"===t.message&&(r=new URL(s.getAttribute(\"src\")),n=new URL(t.value),c.test(n.protocol))&&n.host===r.host&&l.activeElement===s&&(d.top.location.href=t.value))}},d.addEventListener(\"message\",d.wp.receiveEmbedMessage,!1),l.addEventListener(\"DOMContentLoaded\",function(){for(var e,t,s=l.querySelectorAll(\"iframe.wp-embedded-content\"),r=0;r<s.length;r++)(t=(e=s[r]).getAttribute(\"data-secret\"))||(t=Math.random().toString(36).substring(2,12),e.src+=\"#?secret=\"+t,e.setAttribute(\"data-secret\",t)),e.contentWindow.postMessage({message:\"ready\",secret:t},\"*\")},!1)))}(window,document);\n\/\/# sourceURL=https:\/\/maryon.ch\/v2\/wp-includes\/js\/wp-embed.min.js\n\/* ]]> *\/\n<\/script>\n","thumbnail_url":"https:\/\/maryon.ch\/v2\/wp-content\/uploads\/RU7_HauptgebaeudeSonne2.jpg","thumbnail_width":2272,"thumbnail_height":1712,"description":"Mit dem Wachstum der\u00a0H\u00f6heren Fachschule f\u00fcr anthroposophische Heilp\u00e4dagogik, Sozialp\u00e4dagogik und Sozialtherapie, seinerzeit Rudolf Steiner Seminar f\u00fcr Heilp\u00e4dagogik, wurde ein Neubau n\u00f6tig. Daf\u00fcr erwarb die Stiftung Waldo von der Reichenau das Grundst\u00fcck neben Haus Laval, wo die Arbeit des Seminars begonnen hatte, und \u00fcberliess es dem Verein f\u00fcr Ausbildung in anthroposophischer Heilp\u00e4dagogik im Baurecht. Conrad Hoenes [&hellip;]"}