{"id":3843,"date":"2017-11-27T15:20:26","date_gmt":"2017-11-27T14:20:26","guid":{"rendered":"https:\/\/maryon.ch\/stiftung\/leitbild-ziele\/"},"modified":"2025-01-06T15:13:26","modified_gmt":"2025-01-06T14:13:26","slug":"mission-et-objectifs","status":"publish","type":"page","link":"https:\/\/maryon.ch\/fr\/fondation\/mission-et-objectifs\/","title":{"rendered":"Mission et objectifs"},"content":{"rendered":"<p>Le sol est une ressource rare. Les questions relatives \u00e0 la propri\u00e9t\u00e9 et \u00e0 la distribution des terres deviennent cruciales pour la soci\u00e9t\u00e9 et pour notre avenir. Nous voulons soustraire des terrains et des immeubles \u00e0 la sp\u00e9culation fonci\u00e8re et r\u00e9aliser des projets qui profitent au plus grand nombre plut\u00f4t qu\u2019\u00e0 quelques-uns. C\u2019est dans cet esprit que nous cherchons des solutions constructives dans nos discussions avec des propri\u00e9taires ou des utilisateurs. Notre objectif prioritaire est de r\u00e9duire l\u2019endettement foncier et de promouvoir la construction et la pr\u00e9servation \u00e0 long terme de lieux de r\u00e9sidence et de travail socialement responsables.<\/p>\n<h2>De l\u2019id\u00e9e initiale \u00e0 la finalisation du projet<\/h2>\n<p>Die La plupart des biens immobiliers nous sont transmis sous forme de donation ou de legs. Il arrive \u00e9galement que nous en achetions. Ensuite, nous les louons, les affermons ou les c\u00e9dons en droit de superficie, dans le dessein de soutenir des exploitations agricoles, la cr\u00e9ation de logements abordables et l\u2019\u00e9laboration de projets sociaux ou culturels.  Nous pr\u00eatons une grande attention \u00e0 une utilisation parcimonieuse du sol. Nous accompagnons et soutenons des personnes et des organisations, notamment sur des questions juridiques ou contractuelles, ainsi que dans la mise en place de structures de gestion autonomes. Nos champs d\u2019action sont actuellement les suivants :<\/p>\n<ul>\n<li>Logement<\/li>\n<li>Cohabitat<\/li>\n<li>Habitat et travail<\/li>\n<li>Culture, commerce et artisanat<\/li>\n<li>Sant\u00e9 et loisirs<\/li>\n<li>\u00c9ducation et formation<\/li>\n<li>Agriculture et horticulture<\/li>\n<\/ul>\n<h2>Pour un d\u00e9veloppement durable et ouvert sur l\u2019avenir<\/h2>\n<p>Nos projets rassemblent des personnes qui souhaitent exp\u00e9rimenter une nouvelle approche de l\u2019habitat, du travail et du vivre ensemble. Nous planifions \u00e0 long terme et mettons l\u2019accent sur la responsabilit\u00e9 personnelle et l\u2019autogestion. R\u00e9sidents et usagers ne se limitent pas \u00e0 habiter ou \u00e0 utiliser un bien, mais participent activement \u00e0 l\u2019entretien de leur immeuble : d\u2019une part, parce qu\u2019ils assument pleinement leurs responsabilit\u00e9s, et d\u2019autre part, pour que les g\u00e9n\u00e9rations futures puissent b\u00e9n\u00e9ficier de leurs efforts et continuer \u00e0 \u0153uvrer dans ce sens.<\/p>\n<h2><\/h2>\n","protected":false},"excerpt":{"rendered":"<p>Le sol est une ressource rare, donc ch\u00e8re. Le plus souvent trop ch\u00e8re pour permettre la r\u00e9alisation de logements abordables et de projets sociaux ou culturels, surtout dans les centres urbains. La Fondation Edith Maryon a pour ambition de soustraire des biens immobiliers \u00e0 la sp\u00e9culation afin que nous \u2013 et d\u2019autres \u2013 puissions les utiliser d\u2019une mani\u00e8re socialement responsable dans une perspective \u00e0 long terme.<\/p>\n","protected":false},"author":2,"featured_media":3845,"parent":3838,"menu_order":10,"comment_status":"closed","ping_status":"closed","template":"","meta":{"_acf_changed":false,"footnotes":""},"class_list":["post-3843","page","type-page","status-publish","has-post-thumbnail","hentry"],"acf":[],"_links":{"self":[{"href":"https:\/\/maryon.ch\/fr\/wp-json\/wp\/v2\/pages\/3843","targetHints":{"allow":["GET"]}}],"collection":[{"href":"https:\/\/maryon.ch\/fr\/wp-json\/wp\/v2\/pages"}],"about":[{"href":"https:\/\/maryon.ch\/fr\/wp-json\/wp\/v2\/types\/page"}],"author":[{"embeddable":true,"href":"https:\/\/maryon.ch\/fr\/wp-json\/wp\/v2\/users\/2"}],"replies":[{"embeddable":true,"href":"https:\/\/maryon.ch\/fr\/wp-json\/wp\/v2\/comments?post=3843"}],"version-history":[{"count":9,"href":"https:\/\/maryon.ch\/fr\/wp-json\/wp\/v2\/pages\/3843\/revisions"}],"predecessor-version":[{"id":8693,"href":"https:\/\/maryon.ch\/fr\/wp-json\/wp\/v2\/pages\/3843\/revisions\/8693"}],"up":[{"embeddable":true,"href":"https:\/\/maryon.ch\/fr\/wp-json\/wp\/v2\/pages\/3838"}],"wp:featuredmedia":[{"embeddable":true,"href":"https:\/\/maryon.ch\/fr\/wp-json\/wp\/v2\/media\/3845"}],"wp:attachment":[{"href":"https:\/\/maryon.ch\/fr\/wp-json\/wp\/v2\/media?parent=3843"}],"curies":[{"name":"wp","href":"https:\/\/api.w.org\/{rel}","templated":true}]}}