{"id":3846,"date":"2017-11-27T15:07:18","date_gmt":"2017-11-27T14:07:18","guid":{"rendered":"https:\/\/maryon.ch\/stiftung\/tochterunternehmen\/"},"modified":"2024-08-20T16:37:41","modified_gmt":"2024-08-20T14:37:41","slug":"societes-affiliees","status":"publish","type":"page","link":"https:\/\/maryon.ch\/fr\/fondation\/societes-affiliees\/","title":{"rendered":"Soci\u00e9t\u00e9s affili\u00e9es"},"content":{"rendered":"","protected":false},"excerpt":{"rendered":"<p>La Fondation Edith Maryon est domicili\u00e9e \u00e0 B\u00e2le. Reconnue d\u2019utilit\u00e9 publique, elle est exon\u00e9r\u00e9e d\u2019imp\u00f4t. Le Conseil de fondation est responsable de l\u2019orientation strat\u00e9gique alors que la direction se charge de la gestion des affaires courantes. Le conseil consultatif conseille et soutient la fondation.<\/p>\n","protected":false},"author":2,"featured_media":3844,"parent":3838,"menu_order":20,"comment_status":"closed","ping_status":"closed","template":"","meta":{"_acf_changed":false,"footnotes":""},"class_list":["post-3846","page","type-page","status-publish","has-post-thumbnail","hentry"],"acf":[],"_links":{"self":[{"href":"https:\/\/maryon.ch\/fr\/wp-json\/wp\/v2\/pages\/3846","targetHints":{"allow":["GET"]}}],"collection":[{"href":"https:\/\/maryon.ch\/fr\/wp-json\/wp\/v2\/pages"}],"about":[{"href":"https:\/\/maryon.ch\/fr\/wp-json\/wp\/v2\/types\/page"}],"author":[{"embeddable":true,"href":"https:\/\/maryon.ch\/fr\/wp-json\/wp\/v2\/users\/2"}],"replies":[{"embeddable":true,"href":"https:\/\/maryon.ch\/fr\/wp-json\/wp\/v2\/comments?post=3846"}],"version-history":[{"count":7,"href":"https:\/\/maryon.ch\/fr\/wp-json\/wp\/v2\/pages\/3846\/revisions"}],"predecessor-version":[{"id":6553,"href":"https:\/\/maryon.ch\/fr\/wp-json\/wp\/v2\/pages\/3846\/revisions\/6553"}],"up":[{"embeddable":true,"href":"https:\/\/maryon.ch\/fr\/wp-json\/wp\/v2\/pages\/3838"}],"wp:featuredmedia":[{"embeddable":true,"href":"https:\/\/maryon.ch\/fr\/wp-json\/wp\/v2\/media\/3844"}],"wp:attachment":[{"href":"https:\/\/maryon.ch\/fr\/wp-json\/wp\/v2\/media?parent=3846"}],"curies":[{"name":"wp","href":"https:\/\/api.w.org\/{rel}","templated":true}]}}